{"id":857,"date":"2013-07-31T14:44:27","date_gmt":"2013-07-31T17:44:27","guid":{"rendered":"http:\/\/blog.correios.com.br\/acordocoletivo\/?page_id=857"},"modified":"2016-11-22T08:54:00","modified_gmt":"2016-11-22T10:54:00","slug":"documentos-anos-anteriores","status":"publish","type":"page","link":"https:\/\/blog.correios.com.br\/acordocoletivo\/?page_id=857","title":{"rendered":"Documentos &#8211; Anos anteriores"},"content":{"rendered":"<p><strong>Documentos 2015<\/strong><\/p>\n<ul>\n<li><a href=\"https:\/\/blog.correios.com.br\/acordocoletivo\/wp-content\/uploads\/2015\/11\/Artigo-Bahia-Revista-An\u00e1lise-Dados.pdf\">Artigo Revista Bahia<\/a><\/li>\n<li><a href=\"https:\/\/blog.correios.com.br\/acordocoletivo\/wp-content\/uploads\/2015\/11\/Ata-Reuni\u00e3o-REVEN-Campinas.pdf\">Ata Reuni\u00e3o Campinas<\/a><\/li>\n<li><a href=\"https:\/\/blog.correios.com.br\/acordocoletivo\/wp-content\/uploads\/2015\/11\/Nota-T\u00e9cnica-GRET_VIGEP-796_2015-Programa-Diversidade-Inclus\u00e3o-e-Direitos-Humanos.pdf\">Nota T\u00e9cnica 796\/2015<\/a><\/li>\n<li><a href=\"https:\/\/blog.correios.com.br\/acordocoletivo\/wp-content\/uploads\/2015\/11\/01-Ata-reuni\u00e3o-SNNP-Correios-04-e-05-11-2015.pdf\">Ata SNNP 4 e 5\/11\/2015<\/a><\/li>\n<li><a href=\"https:\/\/blog.correios.com.br\/acordocoletivo\/wp-content\/uploads\/2015\/11\/Artigo-Negocia\u00e7\u00e3o-Coletiva.pdf\">Artigo Negocia\u00e7\u00e3o Coletiva<\/a><\/li>\n<li><a href=\"https:\/\/blog.correios.com.br\/acordocoletivo\/wp-content\/uploads\/2015\/10\/ACT-2015-2016-Assinado-no-TST-Gabriel-2.pdf\">ACT 2015\/2016<\/a><\/li>\n<li><a href=\"https:\/\/blog.correios.com.br\/acordocoletivo\/wp-content\/uploads\/2015\/09\/Ata-de-audi\u00eancia-25-9-2015.pdf\">Ata TST 25\/09\/2015<\/a><\/li>\n<li><a href=\"https:\/\/blog.correios.com.br\/acordocoletivo\/wp-content\/uploads\/2015\/09\/Anexo-Blog-18.09.2015.pdf\">Exemplo NM 1<\/a><\/li>\n<li><a href=\"https:\/\/blog.correios.com.br\/acordocoletivo\/wp-content\/uploads\/2015\/09\/24-Ata-reuni\u00e3o-ACT-2015-2016-11-09-2015-Media\u00e7\u00e3o-no-TST.pdf\">Ata TST 11\/09\/2015<\/a><\/li>\n<li><a href=\"https:\/\/blog.correios.com.br\/acordocoletivo\/wp-content\/uploads\/2015\/09\/23-Ata-reuni\u00e3o-ACT-2015-2016-10-09-2015.pdf\">Ata Reuni\u00e3o 10\/09\/2015<\/a><\/li>\n<li><a href=\"https:\/\/blog.correios.com.br\/acordocoletivo\/wp-content\/uploads\/2015\/09\/22-Ata-reuni\u00e3o-ACT-2015-2016-09-09-2015.pdf\">Ata Reuni\u00e3o 9\/09\/2015<\/a><\/li>\n<li><a href=\"https:\/\/blog.correios.com.br\/acordocoletivo\/wp-content\/uploads\/2015\/09\/21-Ata-reuni\u00e3o-ACT-2015-2016-3-09-2015.pdf\">Ata Reuni\u00e3o 3\/09\/2015<\/a><\/li>\n<li><a href=\"https:\/\/blog.correios.com.br\/acordocoletivo\/wp-content\/uploads\/2015\/09\/20-Ata-reuni\u00e3o-ACT-2015-2016-2-09-2015.pdf\">Ata Reuni\u00e3o 2\/09\/2015<\/a><\/li>\n<li><a href=\"https:\/\/blog.correios.com.br\/acordocoletivo\/wp-content\/uploads\/2015\/09\/19-Ata-reuni\u00e3o-ACT-2015-2016-1-09-2015.pdf\">Ata Reuni\u00e3o 1\/09\/2015<\/a><\/li>\n<li><a href=\"https:\/\/blog.correios.com.br\/acordocoletivo\/wp-content\/uploads\/2015\/09\/18-Ata-reuni\u00e3o-ACT-2015-2016-27-08-2015.pdf\">Ata Reuni\u00e3o 27\/08\/2015<\/a><\/li>\n<li><a href=\"https:\/\/blog.correios.com.br\/acordocoletivo\/wp-content\/uploads\/2015\/09\/17-Ata-reuni\u00e3o-ACT-2015-2016-26-08-2015.pdf\">Ata Reuni\u00e3o 26\/08\/2015<\/a><\/li>\n<li><a href=\"https:\/\/blog.correios.com.br\/acordocoletivo\/wp-content\/uploads\/2015\/09\/16-Ata-reuni\u00e3o-ACT-2015-2016-25-08-2015.pdf\">Ata Reuni\u00e3o 25\/08\/2015<\/a><\/li>\n<li><a href=\"https:\/\/blog.correios.com.br\/acordocoletivo\/wp-content\/uploads\/2015\/08\/15-Ata-reuni\u00e3o-ACT-2015-2016-20-08-2015.pdf\">Ata Reuni\u00e3o 20\/08\/2015<\/a><\/li>\n<li><a href=\"https:\/\/blog.correios.com.br\/acordocoletivo\/wp-content\/uploads\/2015\/09\/14-Ata-reuni\u00e3o-ACT-2015-2016-19-08-2015.pdf\">Ata Reuni\u00e3o 19\/08\/2015<\/a><\/li>\n<li><a href=\"https:\/\/blog.correios.com.br\/acordocoletivo\/wp-content\/uploads\/2015\/08\/13-Ata-reuni\u00e3o-ACT-2015-2016-18-08-2015.pdf\">Ata Reuni\u00e3o 18\/08\/2015<\/a><\/li>\n<li><a href=\"https:\/\/blog.correios.com.br\/acordocoletivo\/wp-content\/uploads\/2015\/08\/12-Ata-reuni\u00e3o-ACT-2015-2016-13-08-2015.pdf\">Ata Reuni\u00e3o 13\/08\/2015<\/a><\/li>\n<li><a href=\"https:\/\/blog.correios.com.br\/acordocoletivo\/wp-content\/uploads\/2015\/08\/11-Ata-reuni\u00e3o-ACT-2015-2016-12-08-2015.pdf\">Ata Reuni\u00e3o 12\/08\/2015<\/a><\/li>\n<li><a href=\"https:\/\/blog.correios.com.br\/acordocoletivo\/wp-content\/uploads\/2015\/08\/09-Ata-reuni\u00e3o-ACT-2015-2016-04-08-20151.pdf\">Ata Reuni\u00e3o 4\/08\/2015<\/a><\/li>\n<li><a href=\"https:\/\/blog.correios.com.br\/acordocoletivo\/wp-content\/uploads\/2015\/07\/08-Ata-reuni\u00e3o-ACT-2015-2016-29-07-2015.pdf\">Ata Reuni\u00e3o 29\/07\/2015<\/a><\/li>\n<li><a href=\"https:\/\/blog.correios.com.br\/acordocoletivo\/wp-content\/uploads\/2015\/07\/07-Ata-reuni\u00e3o-ACT-2015-2016-28-07-2015.pdf\">Ata Reuni\u00e3o 28\/07\/2015<\/a><\/li>\n<li><a href=\"https:\/\/blog.correios.com.br\/acordocoletivo\/wp-content\/uploads\/2015\/07\/06-Ata-reuni\u00e3o-ACT-2015-2016-23-07-2015.pdf\">Ata Reuni\u00e3o 23\/07\/2015<\/a><\/li>\n<li><a href=\"https:\/\/blog.correios.com.br\/acordocoletivo\/wp-content\/uploads\/2015\/07\/05-Ata-reuni\u00e3o-ACT-2015-2016-22-07-2015.pdf\">Ata Reuni\u00e3o 22\/07\/2015<\/a><\/li>\n<li><a href=\"https:\/\/blog.correios.com.br\/acordocoletivo\/wp-content\/uploads\/2015\/07\/04-Ata-reuni\u00e3o-ACT-2015-2016-21-07-2015.pdf\">Ata Reuni\u00e3o 21\/07\/2015<\/a><\/li>\n<li><a href=\"https:\/\/blog.correios.com.br\/acordocoletivo\/wp-content\/uploads\/2015\/07\/Ata-16.07.2015.pdf\">Ata Reuni\u00e3o 16\/07\/2015<\/a><\/li>\n<li><a href=\"https:\/\/blog.correios.com.br\/acordocoletivo\/wp-content\/uploads\/2015\/07\/Calend\u00e1rio-ACT-2015-2016.pdf\">Calend\u00e1rio de Negocia\u00e7\u00f5es<\/a><\/li>\n<li><a href=\"https:\/\/blog.correios.com.br\/acordocoletivo\/wp-content\/uploads\/2015\/07\/14-07-2015-Ata-de-Reuni\u00e3o-ACT-2015-2016.pdf\">Ata Reuni\u00e3o 14\/07\/2015<\/a><\/li>\n<li><a href=\"https:\/\/blog.correios.com.br\/acordocoletivo\/wp-content\/uploads\/2015\/07\/01-Ata-reuni\u00e3o-ACT-2015-2016-08-07-2015.pdf\">Ata Reuni\u00e3o 8\/07\/2015<\/a><\/li>\n<li><a href=\"https:\/\/blog.correios.com.br\/acordocoletivo\/wp-content\/uploads\/2015\/07\/FENTECT-Pauta-de-Reivindica\u00e7\u00f5es-para-o-ACT-2015-2016.pdf\">Pauta Fentect 2015\/2016<\/a><\/li>\n<li><a href=\"https:\/\/blog.correios.com.br\/acordocoletivo\/wp-content\/uploads\/2015\/06\/FINDECT-Pauta-de-reivindica\u00e7\u00f5es-para-o-ACT-2015-2016.pdf\">Pauta Findect 2015\/2016<\/a><\/li>\n<li><a href=\"https:\/\/blog.correios.com.br\/acordocoletivo\/wp-content\/uploads\/2015\/06\/FINDECT-Pauta-de-reivindica\u00e7\u00f5es-para-o-ACT-2015-2016-Mesas-tem\u00e1ticas.pdf\">Pauta Findect &#8211; Mesas Tem\u00e1ticas<\/a><\/li>\n<li><a href=\"https:\/\/blog.correios.com.br\/acordocoletivo\/wp-content\/uploads\/2015\/04\/ACT-Correios.pdf\">Livreto ACT 2014\/2015<\/a><\/li>\n<li><a href=\"https:\/\/blog.correios.com.br\/acordocoletivo\/wp-content\/uploads\/2015\/02\/Ata_de_Audiencia-6-2-2015.pdf\">Ata TST &#8211; PLR<\/a><\/li>\n<li><a href=\"https:\/\/blog.correios.com.br\/acordocoletivo\/wp-content\/uploads\/2015\/02\/Termo-de-Acordo-001-2015-Entrega-Matutina.pdf\">Termo de Acordo &#8211; Entrega Matutina<\/a><\/li>\n<li><a href=\"https:\/\/blog.correios.com.br\/acordocoletivo\/wp-content\/uploads\/2015\/01\/ATA-DE-REUNI\u00c3O-SNNP-22-E-23-01.pdf\">Ata SNNP 22 e 23\/01\/2015<\/a><\/li>\n<li><a href=\"https:\/\/blog.correios.com.br\/acordocoletivo\/wp-content\/uploads\/2015\/02\/ACT-2014-2015-Termo-aditivo.pdf\">Termo Aditivo ACT 2014\/2015<\/a><\/li>\n<li><a href=\"https:\/\/blog.correios.com.br\/acordocoletivo\/wp-content\/uploads\/2015\/01\/ATA-DE-AUDI\u00caNCIA-DE-CONCILIA\u00c7\u00c3O-E-INSTRU\u00c7\u00c3O-DISS\u00cdDIO-COLETIVO.pdf\">Ata TST 21\/01\/2015<\/a><\/li>\n<li><a href=\"https:\/\/blog.correios.com.br\/acordocoletivo\/wp-content\/uploads\/2015\/01\/Ata-de-reuni\u00e3o-SNNP-Correios-16-12-2014.pdf\">Ata SNNP 16\/12\/2014<\/a><\/li>\n<\/ul>\n<p><strong>Documentos 2014<\/strong><\/p>\n<ul>\n<li><a href=\"https:\/\/blog.correios.com.br\/acordocoletivo\/wp-content\/uploads\/2014\/12\/Ata_de_Audiencia_TST_adicional_periculosidade.pdf\">Ata TST 10\/12\/2014<\/a><\/li>\n<li><a href=\"https:\/\/blog.correios.com.br\/acordocoletivo\/wp-content\/uploads\/2014\/11\/Acordo-de-Participa\u00e7\u00e3o-nos-Lucros-ou-Resultados-da-ECT-2013-2014-2015.pdf\">Acordo de PLR 2013\/2014\/2015<\/a><\/li>\n<li><a href=\"https:\/\/blog.correios.com.br\/acordocoletivo\/wp-content\/uploads\/2014\/11\/Esclarecimentos-ACT.pdf\">Esclarecimentos ACT 2014\/2015<\/a><\/li>\n<li><a href=\"https:\/\/blog.correios.com.br\/acordocoletivo\/wp-content\/uploads\/2014\/11\/TERMO-DE-ADES\u00c3O-AO-ACT-2014-2015.pdf\">Termo de Ades\u00e3o ACT<\/a><\/li>\n<li><a href=\"https:\/\/blog.correios.com.br\/acordocoletivo\/wp-content\/uploads\/2014\/11\/Acordo-Coletivo-de-Trabalho-da-ECT-2014-2015.pdf\">ACT 2014\/2015<\/a><\/li>\n<li><a href=\"https:\/\/blog.correios.com.br\/acordocoletivo\/wp-content\/uploads\/2014\/11\/Perguntas-e-Respostas-GIP.pdf\">Perguntas e Respostas GIP<\/a><\/li>\n<li><a href=\"https:\/\/blog.correios.com.br\/acordocoletivo\/wp-content\/uploads\/2014\/11\/Proposta-da-ECT-para-o-Acordo-Coletivo-de-Trabalho-2014-2015-16-09-2014.pdf\">Proposta ACT 2014\/2015<\/a><\/li>\n<li><a href=\"https:\/\/blog.correios.com.br\/acordocoletivo\/wp-content\/uploads\/2014\/11\/05-Ata-reuni\u00e3o-ACT-2014-2015-Mesa-\u00fanica-04-09-2014.pdf\">Ata Mesa \u00danica 4\/09\/2014<\/a><\/li>\n<li><a href=\"https:\/\/blog.correios.com.br\/acordocoletivo\/wp-content\/uploads\/2014\/11\/04-Ata-reuni\u00e3o-ACT-2014-2015-Mesa-\u00fanica-03-09-2014.pdf\">Ata Mesa \u00danica 3\/09\/2014<\/a><\/li>\n<li><a href=\"https:\/\/blog.correios.com.br\/acordocoletivo\/wp-content\/uploads\/2014\/11\/03-Ata-reuni\u00e3o-ACT-2014-2015-Mesa-\u00fanica-28-08-2014.pdf\">Ata Mesa \u00danica 28\/08\/2014<\/a><\/li>\n<li><a href=\"https:\/\/blog.correios.com.br\/acordocoletivo\/wp-content\/uploads\/2014\/11\/02-Ata-reuni\u00e3o-ACT-2014-2015-Mesa-\u00fanica-27-08-2014.pdf\">Ata Mesa \u00danica 27\/08\/2014<\/a><\/li>\n<li><a href=\"https:\/\/blog.correios.com.br\/acordocoletivo\/wp-content\/uploads\/2014\/11\/01-Ata-reuni\u00e3o-ACT-2014-2015-Mesa-\u00fanica-26-08-2014.pdf\">Ata Mesa \u00danica 26\/08\/2014<\/a><\/li>\n<li><a href=\"https:\/\/blog.correios.com.br\/acordocoletivo\/wp-content\/uploads\/2014\/11\/06-Ata-reuni\u00e3o-ACT-2014-2015-FENTECT-21-08-2014.pdf \">Ata Fentect 21\/08\/2014<\/a><\/li>\n<li><a href=\"https:\/\/blog.correios.com.br\/acordocoletivo\/wp-content\/uploads\/2014\/11\/05-Ata-reuni\u00e3o-ACT-2014-2015-FENTECT-20-08-2014.pdf\">Ata Fentect 20\/08\/2014<\/a><\/li>\n<li><a href=\"https:\/\/blog.correios.com.br\/acordocoletivo\/wp-content\/uploads\/2014\/11\/05-Ata-reuni\u00e3o-ACT-2014-2015-FINDECT-20-08-2014.pdf\">Ata Findect 20\/08\/2014<\/a><\/li>\n<li><a href=\"https:\/\/blog.correios.com.br\/acordocoletivo\/wp-content\/uploads\/2014\/11\/04-Ata-reuni\u00e3o-ACT-2014-2015-FENTECT-13-08-2014.pdf\">Ata Fentect 13\/08\/2014<\/a><\/li>\n<li><a href=\"https:\/\/blog.correios.com.br\/acordocoletivo\/wp-content\/uploads\/2014\/11\/04-Ata-reuni\u00e3o-ACT-2014-2015-FINDECT-13-08-2014.pdf\">Ata Findect 13\/08\/2014<\/a><\/li>\n<li><a href=\"https:\/\/blog.correios.com.br\/acordocoletivo\/wp-content\/uploads\/2014\/11\/03-Ata-reuni\u00e3o-ACT-2014-2015-FENTECT-12-08-2014.pdf\">Ata Fentect 12\/08\/2014<\/a><\/li>\n<li><a href=\"https:\/\/blog.correios.com.br\/acordocoletivo\/wp-content\/uploads\/2014\/11\/03-Ata-reuni\u00e3o-ACT-2014-2015-FINDECT-12-08-2014.pdf\">Ata Findect 12\/08\/2014<\/a><\/li>\n<li><a href=\"https:\/\/blog.correios.com.br\/acordocoletivo\/wp-content\/uploads\/2014\/11\/02-Ata-reuni\u00e3o-ACT-2014-2015-FENTECT-07-08-2014.pdf\">Ata Fentect 7\/08\/2014<\/a><\/li>\n<li><a href=\"https:\/\/blog.correios.com.br\/acordocoletivo\/wp-content\/uploads\/2014\/11\/02-Ata-reuni\u00e3o-ACT-2014-2015-FINDECT-07-08-2014.pdf\">Ata Findect 7\/08\/2014<\/a><\/li>\n<li><a href=\"https:\/\/blog.correios.com.br\/acordocoletivo\/wp-content\/uploads\/2014\/11\/01-Ata-reuni\u00e3o-ACT-2014-2015-FENTECT-06-08-2014.pdf\">Ata Fentect 6\/08\/2014<\/a><\/li>\n<li><a href=\"https:\/\/blog.correios.com.br\/acordocoletivo\/wp-content\/uploads\/2014\/11\/01-Ata-reuni\u00e3o-ACT-2014-2015-FINDECT-06-08-2014.pdf\">Ata Findect 6\/08\/2014<\/a><\/li>\n<li><a href=\"https:\/\/blog.correios.com.br\/acordocoletivo\/wp-content\/uploads\/2014\/06\/Programa-de-PLR-2013.pdf\">Programa de PLR 2013<\/a><\/li>\n<li><a href=\"https:\/\/blog.correios.com.br\/acordocoletivo\/wp-content\/uploads\/2014\/06\/Programa-de-PLR-2014.pdf\">Programa de PLR 2014<\/a><\/li>\n<li><a href=\"https:\/\/blog.correios.com.br\/acordocoletivo\/wp-content\/uploads\/2014\/06\/Mesa-Tem\u00e1tica-Nacional-da-Mulher-03-06-2014.pdf\">Ata Mesa Tem\u00e1tica Mulher &#8211; 3\/06\/2014<\/a><\/li>\n<li><a href=\"https:\/\/blog.correios.com.br\/acordocoletivo\/wp-content\/uploads\/2014\/06\/10-Ata-reuni\u00e3o-MNNP-Correios-13-e-14-05-2014.pdf\">Ata MNNP &#8211; 13 e 14\/05\/2014<\/a><\/li>\n<li><a href=\"https:\/\/blog.correios.com.br\/acordocoletivo\/wp-content\/uploads\/2014\/05\/PDIA-Perguntas-e-Respostas.pdf\">PDIA &#8211; Perguntas e Respostas<\/a><\/li>\n<li><a href=\"https:\/\/blog.correios.com.br\/acordocoletivo\/wp-content\/uploads\/2014\/05\/Cronograma_PDIA.pdf\">Cronograma PDIA<\/a><\/li>\n<li><a href=\"https:\/\/blog.correios.com.br\/acordocoletivo\/wp-content\/uploads\/2014\/05\/Embargos_de_Declaracao.pdf\">Embargos de Declara\u00e7\u00e3o<\/a><\/li>\n<li><a href=\"https:\/\/blog.correios.com.br\/acordocoletivo\/wp-content\/uploads\/2014\/05\/14-Termo-de-Acordo-Mesa-Tem\u00e1tica-da-Mulher-Mulher-Ecetista.pdf\">Termo de Acordo &#8211; Mesa Tem\u00e1tica da Mulher<\/a><\/li>\n<li><a href=\"https:\/\/blog.correios.com.br\/acordocoletivo\/wp-content\/uploads\/2014\/05\/15-Termo-de-Acordo-Mesa-Tem\u00e1tica-Nacional-Meu-Endere\u00e7o.pdf\">Termo de Acordo &#8211; Mesa Tem\u00e1tica &#8211; Meu Endere\u00e7o<\/a><\/li>\n<li><a href=\"https:\/\/blog.correios.com.br\/acordocoletivo\/wp-content\/uploads\/2014\/05\/16-Termo-de-Acordo-Equidade-Racial-nos-Correios.pdf\">Termo de Acordo &#8211; Equidade Racial<\/a><\/li>\n<li><a href=\"https:\/\/blog.correios.com.br\/acordocoletivo\/wp-content\/uploads\/2014\/05\/09-Ata-reuni\u00e3o-MNNP-Correios-15-e-16-04-2014.pdf\">Ata MNNP &#8211; 15 e 16\/04\/2014<\/a><\/li>\n<li><a href=\"https:\/\/blog.correios.com.br\/acordocoletivo\/wp-content\/uploads\/2014\/04\/Grupo-de-Trabalho_Anistia.pdf\">Grupo de Trabalho &#8211; Anistia<\/a><\/li>\n<li><a href=\"https:\/\/blog.correios.com.br\/acordocoletivo\/wp-content\/uploads\/2014\/04\/08-Ata-reuni\u00e3o-MNNP-Correios-25-e-26-03-2014.pdf\">Ata MNNP &#8211; 25 e 26\/03\/2014<\/a><\/li>\n<li><a href=\"https:\/\/blog.correios.com.br\/acordocoletivo\/wp-content\/uploads\/2014\/05\/ATA-Mulher-Ecetista-14-04-2014.pdf\">Ata Mesa Tem\u00e1tica Mulher &#8211; 14\/04\/2014<\/a><\/li>\n<li><a href=\"https:\/\/blog.correios.com.br\/acordocoletivo\/wp-content\/uploads\/2014\/04\/Ac\u00f3rd\u00e3o-TST-Diss\u00eddio-Coletivo.pdf\">Ac\u00f3rd\u00e3o TST &#8211; Diss\u00eddio Coletivo<\/a><\/li>\n<li><a href=\"https:\/\/blog.correios.com.br\/acordocoletivo\/wp-content\/uploads\/2014\/03\/Certid\u00e3o-de-julgamento-DC-1853-34-2014-5-00-0000.pdf\">Certid\u00e3o de Julgamento PCCS 2008<\/a><\/li>\n<li><a href=\"https:\/\/blog.correios.com.br\/acordocoletivo\/wp-content\/uploads\/2014\/03\/10-Termo-de-Acordo-Instala\u00e7\u00e3o-de-CIPA.pdf\">Termo de Acordo &#8211; Instala\u00e7\u00e3o de CIPA<\/a><\/li>\n<li><a href=\"https:\/\/blog.correios.com.br\/acordocoletivo\/wp-content\/uploads\/2014\/03\/11-Termo-de-Acordo-Benef\u00edcio-aos-dependentes-com-defici\u00eancia.pdf\">Termo de Acordo &#8211; Benef\u00edcios aos dependentes<\/a><\/li>\n<li><a href=\"https:\/\/blog.correios.com.br\/acordocoletivo\/wp-content\/uploads\/2014\/03\/12-Termo-de-Acordo-Homologa\u00e7\u00e3o-de-Atestados-M\u00e9dicos.pdf\">Termo de Acordo &#8211; Homologa\u00e7\u00e3o de Atestados M\u00e9dicos<\/a><\/li>\n<li><a href=\"https:\/\/blog.correios.com.br\/acordocoletivo\/wp-content\/uploads\/2014\/03\/Ac\u00f3rd\u00e3o-TST_7.3.2014.pdf\">Ac\u00f3rd\u00e3o TST sobre Postal Sa\u00fade<\/a><\/li>\n<li><a href=\"https:\/\/blog.correios.com.br\/acordocoletivo\/wp-content\/uploads\/2014\/02\/Ata-de-audi\u00eancia-ECT-e-FENTECT-24-02-2014.pdf\">Ata de Audi\u00eancia no TST<\/a><\/li>\n<li><a href=\"https:\/\/blog.correios.com.br\/acordocoletivo\/wp-content\/uploads\/2014\/02\/Postal-Sa\u00fade-Perguntas-e-Respostas.pdf\">Postal Sa\u00fade &#8211; Perguntas e Respostas<\/a><\/li>\n<li><a href=\"https:\/\/blog.correios.com.br\/acordocoletivo\/wp-content\/uploads\/2014\/02\/Liminar_MNNP_PI.pdf\">Liminar Sintect-PI<\/a><\/li>\n<li><a href=\"https:\/\/blog.correios.com.br\/acordocoletivo\/wp-content\/uploads\/2014\/02\/Decis\u00e3o-SINTECT-11_Piaui.pdf\">Decis\u00e3o TRT<\/a><\/li>\n<li><a href=\"https:\/\/blog.correios.com.br\/acordocoletivo\/wp-content\/uploads\/2014\/02\/Duvidas_Postal_Saude.pdf\">D\u00favidas &#8211; Postal Sa\u00fade<\/a><\/li>\n<li><a href=\"https:\/\/blog.correios.com.br\/acordocoletivo\/wp-content\/uploads\/2014\/\/02\/Tabela_medicamentos.jpg\">Exemplos de coparticipa\u00e7\u00e3o &#8211; PBM<\/a><\/li>\n<li><a href=\"https:\/\/blog.correios.com.br\/acordocoletivo\/wp-content\/uploads\/2014\/\/02\/nota_146x260.pdf\">Postal Sa\u00fade &#8211; Comunicado Importante<\/a><\/li>\n<li><a href=\"https:\/\/blog.correios.com.br\/acordocoletivo\/wp-content\/uploads\/2014\/\/02\/INSTRUMENTO-PARTICULAR-DE-SUCESS\u00c3O-CARTEIRA.pdf\">Instrumento Particular<\/a><\/li>\n<li><a href=\"https:\/\/blog.correios.com.br\/acordocoletivo\/wp-content\/uploads\/2014\/01\/Of\u00edcio-ANS-3271-de-18-de-dezembro-de-2013.pdf\">Of\u00edcio 3271 &#8211; ANS<\/a><\/li>\n<li><a href=\"https:\/\/blog.correios.com.br\/acordocoletivo\/wp-content\/uploads\/2014\/01\/CT-0163-2014-VIGEP-Resposta-ao-Informe-013-2014-da-FENTECT.pdf\">Resposta ao Informe 13\/2014<\/a><\/li>\n<li><a href=\"https:\/\/blog.correios.com.br\/acordocoletivo\/wp-content\/uploads\/2014\/01\/Termo-de-Acordo-Empregada-Carteira-com-Adicional.pdf\">Termo de Acordo &#8211; Adicional de carteira gestante<\/a><\/li>\n<li><a href=\"https:\/\/blog.correios.com.br\/acordocoletivo\/wp-content\/uploads\/2014\/03\/9-Termo-de-Acordo-Fornecimento-de-Manuais.pdf\">Termo de Acordo &#8211; Fornecimento de Manuais<\/a><\/li>\n<li><a href=\"https:\/\/blog.correios.com.br\/acordocoletivo\/wp-content\/uploads\/2014\/03\/7-Termo-de-Acordo-Vale-Extra.pdf\">Termo de Acordo &#8211; Vale Cesta Extra<\/a><\/li>\n<li><a href=\"https:\/\/blog.correios.com.br\/acordocoletivo\/wp-content\/uploads\/2014\/01\/PostalSa\u00fade-Esclarecimentos-e-d\u00favidas.pdf\">Postal Sa\u00fade &#8211; Esclarecimentos<\/a><\/li>\n<li><a href=\"https:\/\/blog.correios.com.br\/acordocoletivo\/wp-content\/uploads\/2014\/03\/06-Ata-reuni\u00e3o-MNNP-Correios-26-e-27-02-2014-1\u00ba-e-2\u00ba-dias.pdf\">Ata MNNP &#8211; 26 e 27\/02\/14<\/a><\/li>\n<li><a href=\"https:\/\/blog.correios.com.br\/acordocoletivo\/wp-content\/uploads\/2014\/03\/05-Ata-reuni\u00e3o-MNNP-Correios-28-29-e-30-01-2014-1\u00ba-2\u00ba-e-3\u00ba-dias.pdf\">Ata MNNP &#8211; 28, 29 e 30\/01\/14<\/a><\/li>\n<li><a href=\"https:\/\/blog.correios.com.br\/acordocoletivo\/wp-content\/uploads\/2014\/01\/04-Ata-reuni\u00e3o-MNNP-Correios-15-01-2014.pdf\">Ata MNNP &#8211; 15\/01\/14<\/a><\/li>\n<li><a href=\"https:\/\/blog.correios.com.br\/acordocoletivo\/wp-content\/uploads\/2014\/03\/03-Ata-reuni\u00e3o-MNNP-Correios-11-e-12-12-2013.pdf\">Ata MNNP &#8211; 11 e 12\/12\/13<\/a><\/li>\n<li><a href=\"https:\/\/blog.correios.com.br\/acordocoletivo\/wp-content\/uploads\/2014\/01\/02-Ata-reuni\u00e3o-MNNP-Correios-27-11-2013.pdf\">Ata MNNP &#8211; 27\/11\/13<\/a><\/li>\n<li><a href=\"https:\/\/blog.correios.com.br\/acordocoletivo\/wp-content\/uploads\/2014\/01\/01-Ata-reuni\u00e3o-MNNP-Correios-12-11-2013.pdf\">Ata MNNP &#8211; 12\/11\/13<\/a><\/li>\n<li><a href=\"https:\/\/blog.correios.com.br\/acordocoletivo\/wp-content\/uploads\/2014\/01\/Considera\u00e7\u00f5es-ao-diagn\u00f3stico-do-PCCS-2008.pdf\">Considera\u00e7\u00f5es dos Sindicatos ao Diagn\u00f3stico PCCS 2008<\/a><\/li>\n<li><a href=\"https:\/\/blog.correios.com.br\/acordocoletivo\/wp-content\/uploads\/2014\/01\/Diagn\u00f3stico-PCCS-2008.pdf\">Diagn\u00f3stico PCCS 2008<\/a><\/li>\n<li><a href=\"https:\/\/blog.correios.com.br\/acordocoletivo\/wp-content\/uploads\/2014\/01\/Ata-da-1\u00aa-Mesa-de-Negocia\u00e7\u00e3o-Regional-ACR-06-12-2013.pdf\"> Ata Negocia\u00e7\u00e3o Regional ACR 6\/12\/13<\/a><\/li>\n<\/ul>\n<p><strong>Documentos 2013<\/strong><\/p>\n<ul>\n<li><a href=\"https:\/\/blog.correios.com.br\/acordocoletivo\/wp-content\/uploads\/2013\/12\/Cartilha-Postal-Sa\u00fade.pdf\">Um olhar atento sobre a Postal Sa\u00fade<\/a><\/li>\n<li><a href=\"https:\/\/blog.correios.com.br\/acordocoletivo\/wp-content\/uploads\/2013\/12\/Termo-de-Acordo-Anistia-com-base-nas-Leis-8.632-93-8.878-94-e-11.282-2006.pdf\">Termo de Acordo &#8211; Anistia com base nas Leis 8.632-93, 8.878-94 e 11.282-2006<\/a><\/li>\n<li><a href=\"https:\/\/blog.correios.com.br\/acordocoletivo\/wp-content\/uploads\/2013\/12\/Termo-de-Acordo-Assist\u00eancia-m\u00e9dica-para-dirigentes-sindicais-liberados-sem-\u00f4nus-para-a-ECT.pdf\">Termo de Acordo &#8211; Assist\u00eancia m\u00e9dica para dirigentes sindicais liberados sem \u00f4nus para a ECT<\/a><\/li>\n<li><a href=\"https:\/\/blog.correios.com.br\/acordocoletivo\/wp-content\/uploads\/2014\/03\/5-Termo-de-Acordo-Responsabilidade-Civil-Acidente-de-Transito.pdf\">Termo de Acordo &#8211; Responsabilidade Civil<\/a><\/li>\n<li><a href=\"https:\/\/blog.correios.com.br\/acordocoletivo\/wp-content\/uploads\/2013\/12\/Termo-de-Acordo-Compensa\u00e7\u00e3o-dos-dias-de-paralisa\u00e7\u00e3o-no-ano-de-2013.pdf\">Termo de Acordo &#8211; Compensa\u00e7\u00e3o dos dias de paralisa\u00e7\u00e3o no ano de 2013<\/a><\/li>\n<li><a href=\"https:\/\/blog.correios.com.br\/acordocoletivo\/wp-content\/uploads\/2013\/12\/Termo-de-Acordo-Compensa\u00e7\u00e3o-dos-dias-de-greve-2013-2014-2.pdf\">Termo de Acordo &#8211; Compensa\u00e7\u00e3o dos dias de Greve 2013-2014-2<\/a><\/li>\n<li><a href=\"https:\/\/blog.correios.com.br\/acordocoletivo\/wp-content\/uploads\/2013\/12\/Termo-de-Acordo-Compensa\u00e7\u00e3o-dos-dias-de-Greve-2013-2014.pdf\">Termo de Acordo &#8211; Compensa\u00e7\u00e3o dos dias de Greve 2013-2014<\/a><\/li>\n<li><a href=\"https:\/\/blog.correios.com.br\/acordocoletivo\/wp-content\/uploads\/2013\/12\/Protocolo-MNNP-Correios.pdf\">Protocolo MNNP-Correios<\/a><\/li>\n<li><a href=\"https:\/\/blog.correios.com.br\/acordocoletivo\/wp-content\/uploads\/2013\/11\/Acordao_TST-DC-6942-72-2013-5-00-0000.pdf\">Ac\u00f3rd\u00e3o TST<\/a><\/li>\n<li><a href=\"https:\/\/blog.correios.com.br\/acordocoletivo\/wp-content\/uploads\/2013\/10\/CT-GNEG-DERET-1183-13-ACT-2013-2014.pdf\">Resposta ECT &#8211; Contraproposta Fentect<\/a><\/li>\n<li><a href=\" https:\/\/blog.correios.com.br\/acordocoletivo\/wp-content\/uploads\/2013\/10\/CT-FEN-202-2013-Contra-Proposta-da-FENTECT.pdf\">Contraproposta Fentect<\/a><\/li>\n<li><a href=\"https:\/\/blog.correios.com.br\/acordocoletivo\/wp-content\/uploads\/2013\/09\/Acordo-Coletivo-de-Trabalho-2013-2014-FINDECT.pdf\">Acordo Coletivo de Trabalho 2013\/2014 &#8211; Sindicatos<\/a><\/li>\n<li><a href=\"https:\/\/blog.correios.com.br\/acordocoletivo\/wp-content\/uploads\/2013\/09\/ECT.pdf\">Liminar &#8211; Diss\u00eddio 2013<\/a><\/li>\n<li><a href=\"https:\/\/blog.correios.com.br\/acordocoletivo\/wp-content\/uploads\/2013\/09\/CT-1135-13-FENTECT-Negocia\u00e7\u00f5es-Coletivas-2013-2014.pdf\">Resposta ECT &#8211; Carta Fentect<\/a><\/li>\n<li><a href=\"https:\/\/blog.correios.com.br\/acordocoletivo\/wp-content\/uploads\/2013\/09\/CTFEN-199.pdf\">Carta Fentect &#8211; Rejei\u00e7\u00e3o da Proposta Econ\u00f4mica<\/a><\/li>\n<li><a href=\"https:\/\/blog.correios.com.br\/acordocoletivo\/wp-content\/uploads\/2013\/09\/Ata-de-Audiencia.pdf\">Ata de Audi\u00eancia &#8211; TST<\/a><\/li>\n<li><a href=\"https:\/\/blog.correios.com.br\/acordocoletivo\/wp-content\/uploads\/2013\/09\/Ata-de-Audiencia.pdf\">Ata de Audi\u00eancia &#8211; TST<\/a><\/li>\n<li><a href=\"https:\/\/blog.correios.com.br\/acordocoletivo\/wp-content\/uploads\/2013\/09\/Acordo-Assinado-ACT-2013-2014-Sindicatos-Unificados.pdf\">Acordo Assinado &#8211; ACT 2013-2014 &#8211; Sindicatos Unificados<\/a><\/li>\n<li><a href=\"https:\/\/blog.correios.com.br\/acordocoletivo\/wp-content\/uploads\/2013\/08\/ACT-2013-2014-ALTERA\u00c7\u00c3O-DA-DATA-DE-REUNI\u00c3-RESP-CT-FEN-180-2013.pdf \">Resposta ECT &#8211; Remarca\u00e7\u00e3o reuni\u00e3o Fentect<\/a><\/li>\n<li><a href=\"https:\/\/blog.correios.com.br\/acordocoletivo\/wp-content\/uploads\/2013\/08\/CTFEN-180.pdf\">Carta Fentect &#8211; Remarca\u00e7\u00e3o reuni\u00e3o<\/a><\/li>\n<li><a href=\"https:\/\/blog.correios.com.br\/acordocoletivo\/wp-content\/uploads\/2013\/08\/CT-GNEG-DERET-2.pdf\">Confirma\u00e7\u00e3o ECT &#8211; Remarca\u00e7\u00e3o reuni\u00e3o Fentect<\/a><\/li>\n<li><a href=\"https:\/\/blog.correios.com.br\/acordocoletivo\/wp-content\/uploads\/2013\/08\/CT-FEN-171-Resposta-\u00e0-CT-GNEG-DERET.pdf\">Resposta Fentect &#8211; Remarca\u00e7\u00e3o reuni\u00e3o<\/a><\/li>\n<li><a href=\"https:\/\/blog.correios.com.br\/acordocoletivo\/wp-content\/uploads\/2013\/08\/CT-GNEG-DERET.pdf\">Carta ECT &#8211; Remarca\u00e7\u00e3o reuni\u00e3o Fentect<\/a><\/li>\n<li><a href=\"https:\/\/blog.correios.com.br\/acordocoletivo\/wp-content\/uploads\/2013\/08\/CT-GNEG-DERET-0824-2013-ACT-2013-2014-FENTECT.pdf\">Carta in\u00edcio das negocia\u00e7\u00f5es Fentect<\/a><\/li>\n<li><a href=\"https:\/\/blog.correios.com.br\/acordocoletivo\/wp-content\/uploads\/2013\/08\/Carta-FINDECT.pdf\">Carta in\u00edcio das negocia\u00e7\u00f5es Findect<\/a><\/li>\n<li><a href=\"https:\/\/blog.correios.com.br\/acordocoletivo\/wp-content\/uploads\/2013\/07\/Pauta-Nacional-de-Reivindica\u00e7\u00f5es-enviada-aos-Sindicatos.pdf\">Pauta de Reivindica\u00e7\u00f5es 2013\/2014 FENTECT<\/a><\/li>\n<li><a href=\"https:\/\/blog.correios.com.br\/acordocoletivo\/wp-content\/uploads\/2013\/07\/Pauta-de-Reivindica\u00e7\u00f5es-2013-2014.pdf\">Pauta de Reivindica\u00e7\u00f5es 2013\/2014 FINDECT<\/a><\/li>\n<li><a href=\"https:\/\/blog.correios.com.br\/acordocoletivo\/wp-content\/uploads\/2013\/05\/Programa-PLR-2013.pdf\">Programa de PLR 2013<\/a><\/li>\n<li><a href=\"https:\/\/blog.correios.com.br\/acordocoletivo\/wp-content\/uploads\/2013\/05\/Programa-de-PLR-2012-Ajuste-da-REDIR-006-de-26-02-2013.pdf\">Programa de PLR 2012<\/a><\/li>\n<li><a href=\"https:\/\/blog.correios.com.br\/acordocoletivo\/wp-content\/uploads\/2013\/04\/Entenda-a-PLR.pdf\">Entenda a PLR<\/a><\/li>\n<\/ul>\n<p><strong>Documentos 2012<\/strong><\/p>\n<ul>\n<li><a href=\"https:\/\/blog.correios.com.br\/acordocoletivo\/wp-content\/uploads\/2012\/09\/DISS\u00cdDIO-COLETIVO-DE-GREVE-REVISIONAL-E-JUR\u00cdDICO.pdf\">Diss\u00eddio coletivo de greve, revisional e jur\u00eddico_130912<\/a><\/li>\n<li><a href=\"https:\/\/blog.correios.com.br\/acordocoletivo\/wp-content\/uploads\/2012\/08\/Resposta-\u00e0-Pauta-de-Reivindica\u00e7\u00f5es-da-Fentect.pdf\">Resposta \u00e0 pauta_Fentect_200812<\/a><\/li>\n<li><a href=\"https:\/\/blog.correios.com.br\/acordocoletivo\/wp-content\/uploads\/2012\/08\/Resposta-\u00e0-Pauta-de-Reivindica\u00e7\u00f5es-dos-Sindicatos-de-BRU-RJ-SP-e-TO.pdf\">Resposta \u00e0 pauta_Unificados_200812<\/a><\/li>\n<li><a href=\"https:\/\/blog.correios.com.br\/acordocoletivo\/wp-content\/uploads\/2012\/08\/ACT-2012-2013-CARTA-CONVITE-REUNI\u00c3O-DE-NEGOCIA\u00c7\u00c3O-2012-08-17-1.pdf\">Correios_Fentect_170812<\/a><\/li>\n<li><a href=\"https:\/\/blog.correios.com.br\/acordocoletivo\/wp-content\/uploads\/2012\/08\/ACT-2012-2013-CONVITE-PARA-REUNI\u00c3O-20-08-2012-SIN-SP-2012-08-17-1.pdf\">Correios_SP_170812<\/a><\/li>\n<li><a href=\"https:\/\/blog.correios.com.br\/acordocoletivo\/wp-content\/uploads\/2012\/08\/ACT-2012-2013-CONVITE-PARA-REUNI\u00c3O-20-08-2012-SIN-RJ2012-08-17-1.pdf\">Correios_RJ_170812<\/a><\/li>\n<li><a href=\"https:\/\/blog.correios.com.br\/acordocoletivo\/wp-content\/uploads\/2012\/08\/ACT-2012-2013-CONVITE-PARA-REUNI\u00c3O-20-08-2012-SIN-TO-2012-08-17-1.pdf\">Correios_TO_170812<\/a><\/li>\n<li><a href=\"https:\/\/blog.correios.com.br\/acordocoletivo\/wp-content\/uploads\/2012\/08\/Apresentacaofinanceira.ppt\">Apresenta\u00e7\u00e3o financeira ECT<\/a><\/li>\n<li><a href=\"https:\/\/blog.correios.com.br\/acordocoletivo\/wp-content\/uploads\/2012\/08\/impactofentect.pdf\">Impacto pauta Fentect<\/a><\/li>\n<li><a href=\"https:\/\/blog.correios.com.br\/acordocoletivo\/wp-content\/uploads\/2012\/08\/impactounificados.pdf\">Impacto pauta Sindicatos Unificados<\/a><\/li>\n<li><a href=\"https:\/\/blog.correios.com.br\/acordocoletivo\/wp-content\/uploads\/2012\/07\/CT-GNEG-DERET-0815-2012-Negocia\u00e7\u00e3o-Coletivas-2012-2013.pdf\">Correios_19072012<\/a><\/li>\n<li><a href=\"https:\/\/blog.correios.com.br\/acordocoletivo\/wp-content\/uploads\/2012\/07\/Correios_18072012.pdf\">Correios_18072012<\/a><\/li>\n<li><a href=\"https:\/\/blog.correios.com.br\/acordocoletivo\/wp-content\/uploads\/2012\/07\/CT-FEN-162-2012-PROPOSTA-DE-AGENDAMENTO-DE-REUNI\u00c3O-ACT-2012-2013-2012-07-18-5.pdf\">Fentect_17072012<\/a><\/li>\n<li><a href=\"https:\/\/blog.correios.com.br\/acordocoletivo\/wp-content\/uploads\/2012\/07\/Fentect_16072012.pdf\">Fentect_16072012<\/a><\/li>\n<li><a href=\"https:\/\/blog.correios.com.br\/acordocoletivo\/wp-content\/uploads\/2012\/07\/CT-0781-ACT-Resposta-a-carta-da-FEN-152-2012-2012-07-11-2.pdf\">Correios_11072012<\/a><\/li>\n<li><a href=\"https:\/\/blog.correios.com.br\/acordocoletivo\/wp-content\/uploads\/2012\/07\/CTFEN-152.pdf\">Fentect_10072012<\/a><\/li>\n<li><a href=\"https:\/\/blog.correios.com.br\/acordocoletivo\/wp-content\/uploads\/2012\/07\/773-12-CT-Resposta-a-CT-FEN-151-2012-ACT-2012-20132012-07-10-5.pdf\">Correios_10072012<\/a><\/li>\n<li><a href=\"https:\/\/blog.correios.com.br\/acordocoletivo\/wp-content\/uploads\/2012\/07\/CT-FEN-151-2012.pdf\">Fentect_10072012<\/a><\/li>\n<li><a href=\"https:\/\/blog.correios.com.br\/acordocoletivo\/wp-content\/uploads\/2012\/07\/CT-GNEG-DERET-0734-2012.pdf\">Correios_04072012<\/a><\/li>\n<\/ul>\n","protected":false},"excerpt":{"rendered":"<p>Documentos 2015 Artigo Revista Bahia Ata Reuni\u00e3o Campinas Nota T\u00e9cnica 796\/2015 Ata SNNP 4 e 5\/11\/2015 Artigo Negocia\u00e7\u00e3o Coletiva ACT 2015\/2016 Ata TST 25\/09\/2015 Exemplo NM 1 Ata TST 11\/09\/2015 Ata Reuni\u00e3o 10\/09\/2015 Ata Reuni\u00e3o 9\/09\/2015 Ata Reuni\u00e3o 3\/09\/2015 Ata &hellip; <a href=\"https:\/\/blog.correios.com.br\/acordocoletivo\/?page_id=857\">Continue lendo <span class=\"meta-nav\">&rarr;<\/span><\/a><\/p>\n","protected":false},"author":1,"featured_media":0,"parent":0,"menu_order":0,"comment_status":"closed","ping_status":"closed","template":"","meta":{"footnotes":""},"class_list":["post-857","page","type-page","status-publish","hentry"],"_links":{"self":[{"href":"https:\/\/blog.correios.com.br\/acordocoletivo\/index.php?rest_route=\/wp\/v2\/pages\/857","targetHints":{"allow":["GET"]}}],"collection":[{"href":"https:\/\/blog.correios.com.br\/acordocoletivo\/index.php?rest_route=\/wp\/v2\/pages"}],"about":[{"href":"https:\/\/blog.correios.com.br\/acordocoletivo\/index.php?rest_route=\/wp\/v2\/types\/page"}],"author":[{"embeddable":true,"href":"https:\/\/blog.correios.com.br\/acordocoletivo\/index.php?rest_route=\/wp\/v2\/users\/1"}],"replies":[{"embeddable":true,"href":"https:\/\/blog.correios.com.br\/acordocoletivo\/index.php?rest_route=%2Fwp%2Fv2%2Fcomments&post=857"}],"version-history":[{"count":7,"href":"https:\/\/blog.correios.com.br\/acordocoletivo\/index.php?rest_route=\/wp\/v2\/pages\/857\/revisions"}],"predecessor-version":[{"id":2551,"href":"https:\/\/blog.correios.com.br\/acordocoletivo\/index.php?rest_route=\/wp\/v2\/pages\/857\/revisions\/2551"}],"wp:attachment":[{"href":"https:\/\/blog.correios.com.br\/acordocoletivo\/index.php?rest_route=%2Fwp%2Fv2%2Fmedia&parent=857"}],"curies":[{"name":"wp","href":"https:\/\/api.w.org\/{rel}","templated":true}]}}